{"id":1357,"date":"2025-01-27T21:18:33","date_gmt":"2025-01-27T20:18:33","guid":{"rendered":"https:\/\/inthesky.previo-demo.com.pl\/apartamenty\/"},"modified":"2025-10-14T12:13:24","modified_gmt":"2025-10-14T10:13:24","slug":"pronajem-bytu-ve-vezi-sky-tower-ve-wroclawi","status":"publish","type":"page","link":"https:\/\/inthesky.apartments\/cs\/pronajem-bytu-ve-vezi-sky-tower-ve-wroclawi","title":{"rendered":"byty"},"content":{"rendered":"<section class=\"u-clearfix u-image u-shading u-section-2\" id=\"sec-5236\" data-image-width=\"2000\" data-image-height=\"1333\" style=\"background-image: linear-gradient(0deg, rgba(0, 0, 0, 0.5), rgba(0, 0, 0, 0.5)), url(&quot;https:\/\/inthesky.apartments\/wp-content\/uploads\/2025\/01\/10-Kopia1-5.jpg&quot;);\">\n      <div class=\"u-clearfix u-sheet u-sheet-1\">\n        <h1 class=\"u-align-left u-custom-font u-heading-font u-text u-text-1\" data-animation-out=\"0\" data-animation-name=\"customAnimationIn\" data-animation-duration=\"1000\" data-animation-delay=\"0\">Pron\u00e1jem byt\u016f Sky Tower ve Vratislavi<\/h1>\n        <h2 class=\"u-align-left u-text u-text-2\" data-animation-name=\"customAnimationIn\" data-animation-duration=\"1000\" data-animation-delay=\"0\" data-animation-out=\"0\">Luxusn\u00ed byty v oblac\u00edch<\/h2>\n      <\/div>\n    <\/section>\n    <section class=\"u-clearfix u-section-3\" id=\"sec-c2e4\">\n      <div class=\"u-clearfix u-sheet u-sheet-1\">\n        <div class=\"u-absolute-hcenter u-border-1 u-border-custom-color-1 u-expanded-height u-line u-line-vertical u-line-1\"><\/div>\n      <\/div>\n    <\/section>\n    <section class=\"u-clearfix u-section-4\" id=\"sec-9f9c\">\n      <div class=\"u-clearfix u-sheet u-valign-middle-xl u-sheet-1\">\n        <h2 class=\"u-align-center u-text u-text-default u-text-1\" data-animation-name=\"customAnimationIn\" data-animation-duration=\"1000\" data-animation-delay=\"0\" data-animation-out=\"0\"> ROCKING<\/h2>\n        <h2 class=\"u-align-center u-custom-font u-font-georgia u-text u-text-default u-text-2\" data-animation-name=\"customAnimationIn\" data-animation-duration=\"1000\" data-animation-delay=\"0\" data-animation-out=\"0\"> Nechte se okouzlit jedn\u00edm z nejkr\u00e1sn\u011bj\u0161\u00edch v\u00fdhled\u016f v Polsku.&nbsp;<\/h2>\n        <p class=\"u-align-center u-text u-text-3\" data-animation-name=\"customAnimationIn\" data-animation-duration=\"1000\" data-animation-delay=\"0\" data-animation-out=\"0\">\n          <span style=\"font-weight: 700;\">Byty v budov\u011b Sky Tower<\/span> je nejen pron\u00e1jem luxusn\u00edch interi\u00e9r\u016f s dechberouc\u00edm\n v\u00fdhledem na hlavn\u00ed m\u011bsto Doln\u00edho Slezska, jedno z nejkr\u00e1sn\u011bj\u0161\u00edch m\u011bst na\u0161\u00ed zem\u011b.\nJe to p\u0159edev\u0161\u00edm z\u00e1\u017eitek, kter\u00fd nikde jinde nenajdete.\nnikde jinde neza\u017eijete. P\u0159enocov\u00e1n\u00ed 200 metr\u016f nad zem\u00ed? Nebo snad\nByt s vanou u okna nebo saunou? <span style=\"font-weight: 700;\">Nebe je limit.<\/span> Vyberte si sv\u016fj vysn\u011bn\u00fd byt ve Vratislavi a u\u017eijte si jedine\u010dn\u00fd z\u00e1\u017eitek v t\u00e9to zemi. \n        <\/p>\n      <\/div>\n    <\/section>\n    <section class=\"u-clearfix u-section-5\" id=\"sec-2f34\">\n      <div class=\"u-clearfix u-sheet u-sheet-1\">\n        <div class=\"u-absolute-hcenter u-border-1 u-border-custom-color-1 u-expanded-height u-line u-line-vertical u-line-1\"><\/div>\n      <\/div>\n    <\/section>\n    <section class=\"u-clearfix u-section-6\" id=\"sec-fab4\">\n      <div class=\"u-clearfix u-sheet u-sheet-1\">\n        <div class=\"u-absolute-hcenter u-border-1 u-border-custom-color-1 u-expanded-height u-line u-line-vertical u-line-1\"><\/div>\n      <\/div>\n    <\/section>\n    <section class=\"u-clearfix u-section-7\" id=\"sec-231a\">\n      <div class=\"u-clearfix u-sheet u-sheet-1\">\n        <div class=\"u-expanded-width u-shortcode u-shortcode-1\"><style>\r\n\/* Layout siatki *\/\r\n.pase-grid{display:grid;grid-template-columns:repeat(12,1fr);gap:24px; font-family: \"Contralto\"}\r\n@media(max-width:1199px){.pase-grid{grid-template-columns:repeat(8,1fr)}}\r\n@media(max-width:767px){.pase-grid{grid-template-columns:repeat(4,1fr)}}\r\n.pase-card{grid-column:span 4;background:transparent;}\r\n\/* Obrazek = link *\/\r\n.pase-thumb{width:100%;aspect-ratio:3\/2;object-fit:cover;display:block}\r\n.pase-thumb-link{display:block;line-height:0}\r\n\/* Cia\u0142o *\/\r\n.pase-body{padding:16px;text-align:center}\r\n\/* Prosty badge z cen\u0105 *\/\r\n.pase-price-badge{display:inline-block;background:#101931;color:#fff;padding:10px 22px;font-size:24px;}\r\n\/* Tytu\u0142 = link *\/\r\n.pase-title{font-size:22px;font-weight:700;margin:16px 0 14px;height:45px;}\r\n.pase-title-link{color:#101931;text-decoration:none;font-size:24px;}\r\n.pase-title-link:hover{text-decoration:underline;color:#101931 !important;}\r\n\/* CTA *\/\r\n.pase-footer{padding:0 16px 16px;display:flex;justify-content:center}\r\n.pase-btn{display:inline-block;margin-top: 12px; background:#bc9e6d;color:#fff;font-weight:600;padding:12px 22px;text-decoration:none;border-radius:0;font-size:16px; font-family: \"Contralto\"; border: 1px solid transparent; transition: 0.24s;}\r\n.pase-btn:hover{color:#fff;background: transparent; color: black; border: 1px solid #bc9e6d; transition: 0.24s ease-in-out;}\r\n\/* Ukryte elementy (na przysz\u0142o\u015b\u0107) *\/\r\n.pase-subtitle,.pase-facilities,.pase-desc{display:none !important}\r\n<\/style>\r\n\r\n<div class=\"pase-grid\">\r\n        <article class=\"pase-card\">\r\n        <a class=\"pase-thumb-link\" href=\"https:\/\/inthesky.apartments\/cs\/aps-madera-z-jacuzzi-na-31-pietrze\/\">\r\n            <img decoding=\"async\" class=\"pase-thumb\" src=\"https:\/\/files.previo.cz\/782897\/www\/img\/photos\/20260310165206_5lzrFz.jpg\" alt=\"Apartm\u00e1n &#034;Madera&#034; s Jacuzzi ve 31. pat\u0159e\">\r\n        <\/a>\r\n\r\n        <div class=\"pase-body\">\r\n                            <div class=\"pase-price-badge\">\r\n                    <span class=\"pfx\">z<\/span>\r\n                    <span class=\"amt\">2 530PLN<\/span>\r\n                    <span class=\"sfx\">\/ noc<\/span>\r\n                <\/div>\r\n            \r\n            <h3 class=\"pase-title\">\r\n                <a class=\"pase-title-link\" href=\"https:\/\/inthesky.apartments\/cs\/aps-madera-z-jacuzzi-na-31-pietrze\/\">Apartm\u00e1n &#034;Madera&#034; s Jacuzzi ve 31. pat\u0159e<\/a>\r\n            <\/h3>\r\n\r\n            <!-- ukryte, zostawione na przysz\u0142o\u015b\u0107 -->\r\n            <div class=\"pase-subtitle\"><\/div>\r\n            <div class=\"pase-facilities\"><\/div>\r\n            <div class=\"pase-desc\"><\/div>\r\n        <\/div>\r\n\r\n        <div class=\"pase-footer\">\r\n            <a class=\"pase-btn\" href=\"https:\/\/inthesky.apartments\/cs\/aps-madera-z-jacuzzi-na-31-pietrze\/\">Zobrazit detaily<\/a>\r\n        <\/div>\r\n    <\/article>\r\n        <article class=\"pase-card\">\r\n        <a class=\"pase-thumb-link\" href=\"https:\/\/inthesky.apartments\/cs\/aps-typu-suite-z-jacuzzi\">\r\n            <img decoding=\"async\" class=\"pase-thumb\" src=\"https:\/\/files.previo.cz\/782897\/www\/img\/photos\/20260117131657_9y6NXe.jpg\" alt=\"Apartm\u00e1n &#034;Duna&#034; s Jacuzzi\">\r\n        <\/a>\r\n\r\n        <div class=\"pase-body\">\r\n                            <div class=\"pase-price-badge\">\r\n                    <span class=\"pfx\">z<\/span>\r\n                    <span class=\"amt\">2 530PLN<\/span>\r\n                    <span class=\"sfx\">\/ noc<\/span>\r\n                <\/div>\r\n            \r\n            <h3 class=\"pase-title\">\r\n                <a class=\"pase-title-link\" href=\"https:\/\/inthesky.apartments\/cs\/aps-typu-suite-z-jacuzzi\">Apartm\u00e1n &#034;Duna&#034; s Jacuzzi<\/a>\r\n            <\/h3>\r\n\r\n            <!-- ukryte, zostawione na przysz\u0142o\u015b\u0107 -->\r\n            <div class=\"pase-subtitle\"><\/div>\r\n            <div class=\"pase-facilities\"><\/div>\r\n            <div class=\"pase-desc\"><\/div>\r\n        <\/div>\r\n\r\n        <div class=\"pase-footer\">\r\n            <a class=\"pase-btn\" href=\"https:\/\/inthesky.apartments\/cs\/aps-typu-suite-z-jacuzzi\">Zobrazit detaily<\/a>\r\n        <\/div>\r\n    <\/article>\r\n        <article class=\"pase-card\">\r\n        <a class=\"pase-thumb-link\" href=\"https:\/\/inthesky.apartments\/cs\/aps-duo-deluxe-z-sauna-i-jacuzzi\/\">\r\n            <img decoding=\"async\" class=\"pase-thumb\" src=\"https:\/\/files.previo.cz\/782897\/www\/img\/photos\/20251128203548_iTpPij.jpg\" alt=\"Apartm\u00e1n &#034;Santorini&#034; se Saunou a Jacuzzi\">\r\n        <\/a>\r\n\r\n        <div class=\"pase-body\">\r\n                            <div class=\"pase-price-badge\">\r\n                    <span class=\"pfx\">z<\/span>\r\n                    <span class=\"amt\">2 530PLN<\/span>\r\n                    <span class=\"sfx\">\/ noc<\/span>\r\n                <\/div>\r\n            \r\n            <h3 class=\"pase-title\">\r\n                <a class=\"pase-title-link\" href=\"https:\/\/inthesky.apartments\/cs\/aps-duo-deluxe-z-sauna-i-jacuzzi\/\">Apartm\u00e1n &#034;Santorini&#034; se Saunou a Jacuzzi<\/a>\r\n            <\/h3>\r\n\r\n            <!-- ukryte, zostawione na przysz\u0142o\u015b\u0107 -->\r\n            <div class=\"pase-subtitle\"><\/div>\r\n            <div class=\"pase-facilities\"><\/div>\r\n            <div class=\"pase-desc\"><\/div>\r\n        <\/div>\r\n\r\n        <div class=\"pase-footer\">\r\n            <a class=\"pase-btn\" href=\"https:\/\/inthesky.apartments\/cs\/aps-duo-deluxe-z-sauna-i-jacuzzi\/\">Zobrazit detaily<\/a>\r\n        <\/div>\r\n    <\/article>\r\n        <article class=\"pase-card\">\r\n        <a class=\"pase-thumb-link\" href=\"https:\/\/inthesky.apartments\/cs\/pronajem-bytu-ve-vezi-sky-tower-ve-wroclawi\/apartma-superior-s-virivkou\/\">\r\n            <img decoding=\"async\" class=\"pase-thumb\" src=\"https:\/\/files.previo.cz\/782897\/www\/img\/photos\/20250121193433_elF6eu.jpg\" alt=\"Apartm\u00e1n Superior s v\u00ed\u0159ivkou \">\r\n        <\/a>\r\n\r\n        <div class=\"pase-body\">\r\n                            <div class=\"pase-price-badge\">\r\n                    <span class=\"pfx\">z<\/span>\r\n                    <span class=\"amt\">2 360PLN<\/span>\r\n                    <span class=\"sfx\">\/ noc<\/span>\r\n                <\/div>\r\n            \r\n            <h3 class=\"pase-title\">\r\n                <a class=\"pase-title-link\" href=\"https:\/\/inthesky.apartments\/cs\/pronajem-bytu-ve-vezi-sky-tower-ve-wroclawi\/apartma-superior-s-virivkou\/\">Apartm\u00e1n Superior s v\u00ed\u0159ivkou <\/a>\r\n            <\/h3>\r\n\r\n            <!-- ukryte, zostawione na przysz\u0142o\u015b\u0107 -->\r\n            <div class=\"pase-subtitle\"><\/div>\r\n            <div class=\"pase-facilities\"><\/div>\r\n            <div class=\"pase-desc\"><\/div>\r\n        <\/div>\r\n\r\n        <div class=\"pase-footer\">\r\n            <a class=\"pase-btn\" href=\"https:\/\/inthesky.apartments\/cs\/pronajem-bytu-ve-vezi-sky-tower-ve-wroclawi\/apartma-superior-s-virivkou\/\">Zobrazit detaily<\/a>\r\n        <\/div>\r\n    <\/article>\r\n        <article class=\"pase-card\">\r\n        <a class=\"pase-thumb-link\" href=\"https:\/\/inthesky.apartments\/cs\/prezidentske-apartma-s-virivkou\/\">\r\n            <img decoding=\"async\" class=\"pase-thumb\" src=\"https:\/\/files.previo.cz\/782897\/www\/img\/photos\/20250723113730_ZYbB4W.jpg\" alt=\"Prezidentsk\u00fd apartm\u00e1n s v\u00ed\u0159ivkou \">\r\n        <\/a>\r\n\r\n        <div class=\"pase-body\">\r\n                            <div class=\"pase-price-badge\">\r\n                    <span class=\"pfx\">z<\/span>\r\n                    <span class=\"amt\">2 530PLN<\/span>\r\n                    <span class=\"sfx\">\/ noc<\/span>\r\n                <\/div>\r\n            \r\n            <h3 class=\"pase-title\">\r\n                <a class=\"pase-title-link\" href=\"https:\/\/inthesky.apartments\/cs\/prezidentske-apartma-s-virivkou\/\">Prezidentsk\u00fd apartm\u00e1n s v\u00ed\u0159ivkou <\/a>\r\n            <\/h3>\r\n\r\n            <!-- ukryte, zostawione na przysz\u0142o\u015b\u0107 -->\r\n            <div class=\"pase-subtitle\"><\/div>\r\n            <div class=\"pase-facilities\"><\/div>\r\n            <div class=\"pase-desc\"><\/div>\r\n        <\/div>\r\n\r\n        <div class=\"pase-footer\">\r\n            <a class=\"pase-btn\" href=\"https:\/\/inthesky.apartments\/cs\/prezidentske-apartma-s-virivkou\/\">Zobrazit detaily<\/a>\r\n        <\/div>\r\n    <\/article>\r\n        <article class=\"pase-card\">\r\n        <a class=\"pase-thumb-link\" href=\"https:\/\/inthesky.apartments\/cs\/pronajem-bytu-ve-vezi-sky-tower-ve-wroclawi\/luxusni-apartma-s-virivkou\/\">\r\n            <img decoding=\"async\" class=\"pase-thumb\" src=\"https:\/\/files.previo.cz\/782897\/www\/img\/photos\/20250121174727_xp1m1U.jpg\" alt=\"Apartm\u00e1n Deluxe s v\u00ed\u0159ivkou \">\r\n        <\/a>\r\n\r\n        <div class=\"pase-body\">\r\n                            <div class=\"pase-price-badge\">\r\n                    <span class=\"pfx\">z<\/span>\r\n                    <span class=\"amt\">2 160PLN<\/span>\r\n                    <span class=\"sfx\">\/ noc<\/span>\r\n                <\/div>\r\n            \r\n            <h3 class=\"pase-title\">\r\n                <a class=\"pase-title-link\" href=\"https:\/\/inthesky.apartments\/cs\/pronajem-bytu-ve-vezi-sky-tower-ve-wroclawi\/luxusni-apartma-s-virivkou\/\">Apartm\u00e1n Deluxe s v\u00ed\u0159ivkou <\/a>\r\n            <\/h3>\r\n\r\n            <!-- ukryte, zostawione na przysz\u0142o\u015b\u0107 -->\r\n            <div class=\"pase-subtitle\"><\/div>\r\n            <div class=\"pase-facilities\"><\/div>\r\n            <div class=\"pase-desc\"><\/div>\r\n        <\/div>\r\n\r\n        <div class=\"pase-footer\">\r\n            <a class=\"pase-btn\" href=\"https:\/\/inthesky.apartments\/cs\/pronajem-bytu-ve-vezi-sky-tower-ve-wroclawi\/luxusni-apartma-s-virivkou\/\">Zobrazit detaily<\/a>\r\n        <\/div>\r\n    <\/article>\r\n        <article class=\"pase-card\">\r\n        <a class=\"pase-thumb-link\" href=\"https:\/\/inthesky.apartments\/cs\/pronajem-bytu-ve-vezi-sky-tower-ve-wroclawi\/luxusni-apartma-s-vanou-u-okna\/\">\r\n            <img decoding=\"async\" class=\"pase-thumb\" src=\"https:\/\/files.previo.cz\/782897\/www\/img\/photos\/20250121155823_rMpkyO.jpg\" alt=\"Apartm\u00e1n Deluxe s vanou u okna \">\r\n        <\/a>\r\n\r\n        <div class=\"pase-body\">\r\n                            <div class=\"pase-price-badge\">\r\n                    <span class=\"pfx\">z<\/span>\r\n                    <span class=\"amt\">1 540PLN<\/span>\r\n                    <span class=\"sfx\">\/ noc<\/span>\r\n                <\/div>\r\n            \r\n            <h3 class=\"pase-title\">\r\n                <a class=\"pase-title-link\" href=\"https:\/\/inthesky.apartments\/cs\/pronajem-bytu-ve-vezi-sky-tower-ve-wroclawi\/luxusni-apartma-s-vanou-u-okna\/\">Apartm\u00e1n Deluxe s vanou u okna <\/a>\r\n            <\/h3>\r\n\r\n            <!-- ukryte, zostawione na przysz\u0142o\u015b\u0107 -->\r\n            <div class=\"pase-subtitle\"><\/div>\r\n            <div class=\"pase-facilities\"><\/div>\r\n            <div class=\"pase-desc\"><\/div>\r\n        <\/div>\r\n\r\n        <div class=\"pase-footer\">\r\n            <a class=\"pase-btn\" href=\"https:\/\/inthesky.apartments\/cs\/pronajem-bytu-ve-vezi-sky-tower-ve-wroclawi\/luxusni-apartma-s-vanou-u-okna\/\">Zobrazit detaily<\/a>\r\n        <\/div>\r\n    <\/article>\r\n        <article class=\"pase-card\">\r\n        <a class=\"pase-thumb-link\" href=\"https:\/\/inthesky.apartments\/cs\/pronajem-bytu-ve-vezi-sky-tower-ve-wroclawi\/apartma-executive-s-koupelnou-v-pokoji-inthesky\/\">\r\n            <img decoding=\"async\" class=\"pase-thumb\" src=\"https:\/\/files.previo.cz\/782897\/www\/img\/photos\/20250121200442_pljzcd.jpg\" alt=\"Apartm\u00e1n Executive Suite s vanou na pokoji.\">\r\n        <\/a>\r\n\r\n        <div class=\"pase-body\">\r\n                            <div class=\"pase-price-badge\">\r\n                    <span class=\"pfx\">z<\/span>\r\n                    <span class=\"amt\">1 590PLN<\/span>\r\n                    <span class=\"sfx\">\/ noc<\/span>\r\n                <\/div>\r\n            \r\n            <h3 class=\"pase-title\">\r\n                <a class=\"pase-title-link\" href=\"https:\/\/inthesky.apartments\/cs\/pronajem-bytu-ve-vezi-sky-tower-ve-wroclawi\/apartma-executive-s-koupelnou-v-pokoji-inthesky\/\">Apartm\u00e1n Executive Suite s vanou na pokoji.<\/a>\r\n            <\/h3>\r\n\r\n            <!-- ukryte, zostawione na przysz\u0142o\u015b\u0107 -->\r\n            <div class=\"pase-subtitle\"><\/div>\r\n            <div class=\"pase-facilities\"><\/div>\r\n            <div class=\"pase-desc\"><\/div>\r\n        <\/div>\r\n\r\n        <div class=\"pase-footer\">\r\n            <a class=\"pase-btn\" href=\"https:\/\/inthesky.apartments\/cs\/pronajem-bytu-ve-vezi-sky-tower-ve-wroclawi\/apartma-executive-s-koupelnou-v-pokoji-inthesky\/\">Zobrazit detaily<\/a>\r\n        <\/div>\r\n    <\/article>\r\n        <article class=\"pase-card\">\r\n        <a class=\"pase-thumb-link\" href=\"https:\/\/inthesky.apartments\/cs\/pronajem-bytu-ve-vezi-sky-tower-ve-wroclawi\/apartma-executive-s-volne-stojici-vanou\/\">\r\n            <img decoding=\"async\" class=\"pase-thumb\" src=\"https:\/\/files.previo.cz\/782897\/www\/img\/photos\/20250121200128_3F5i88.jpg\" alt=\"Apartm\u00e1n Executive Suite s voln\u011b stoj\u00edc\u00ed vanou \">\r\n        <\/a>\r\n\r\n        <div class=\"pase-body\">\r\n                            <div class=\"pase-price-badge\">\r\n                    <span class=\"pfx\">z<\/span>\r\n                    <span class=\"amt\">1 590PLN<\/span>\r\n                    <span class=\"sfx\">\/ noc<\/span>\r\n                <\/div>\r\n            \r\n            <h3 class=\"pase-title\">\r\n                <a class=\"pase-title-link\" href=\"https:\/\/inthesky.apartments\/cs\/pronajem-bytu-ve-vezi-sky-tower-ve-wroclawi\/apartma-executive-s-volne-stojici-vanou\/\">Apartm\u00e1n Executive Suite s voln\u011b stoj\u00edc\u00ed vanou <\/a>\r\n            <\/h3>\r\n\r\n            <!-- ukryte, zostawione na przysz\u0142o\u015b\u0107 -->\r\n            <div class=\"pase-subtitle\"><\/div>\r\n            <div class=\"pase-facilities\"><\/div>\r\n            <div class=\"pase-desc\"><\/div>\r\n        <\/div>\r\n\r\n        <div class=\"pase-footer\">\r\n            <a class=\"pase-btn\" href=\"https:\/\/inthesky.apartments\/cs\/pronajem-bytu-ve-vezi-sky-tower-ve-wroclawi\/apartma-executive-s-volne-stojici-vanou\/\">Zobrazit detaily<\/a>\r\n        <\/div>\r\n    <\/article>\r\n        <article class=\"pase-card\">\r\n        <a class=\"pase-thumb-link\" href=\"https:\/\/inthesky.apartments\/cs\/aps-duo-deluxe-z-wanna\/\">\r\n            <img decoding=\"async\" class=\"pase-thumb\" src=\"https:\/\/files.previo.cz\/782897\/www\/img\/photos\/20250121163825_EnH2Gf.jpg\" alt=\"Luxusn\u00ed dvoul\u016f\u017ekov\u00fd pokoj s vanou u okna \">\r\n        <\/a>\r\n\r\n        <div class=\"pase-body\">\r\n                            <div class=\"pase-price-badge\">\r\n                    <span class=\"pfx\">z<\/span>\r\n                    <span class=\"amt\">1 200PLN<\/span>\r\n                    <span class=\"sfx\">\/ noc<\/span>\r\n                <\/div>\r\n            \r\n            <h3 class=\"pase-title\">\r\n                <a class=\"pase-title-link\" href=\"https:\/\/inthesky.apartments\/cs\/aps-duo-deluxe-z-wanna\/\">Luxusn\u00ed dvoul\u016f\u017ekov\u00fd pokoj s vanou u okna <\/a>\r\n            <\/h3>\r\n\r\n            <!-- ukryte, zostawione na przysz\u0142o\u015b\u0107 -->\r\n            <div class=\"pase-subtitle\"><\/div>\r\n            <div class=\"pase-facilities\"><\/div>\r\n            <div class=\"pase-desc\"><\/div>\r\n        <\/div>\r\n\r\n        <div class=\"pase-footer\">\r\n            <a class=\"pase-btn\" href=\"https:\/\/inthesky.apartments\/cs\/aps-duo-deluxe-z-wanna\/\">Zobrazit detaily<\/a>\r\n        <\/div>\r\n    <\/article>\r\n        <article class=\"pase-card\">\r\n        <a class=\"pase-thumb-link\" href=\"https:\/\/inthesky.apartments\/cs\/superior-aps-se-saunou\/\">\r\n            <img decoding=\"async\" class=\"pase-thumb\" src=\"https:\/\/files.previo.cz\/782897\/www\/img\/photos\/20250716111120_DMuxMD.jpg\" alt=\"Apartm\u00e1n Superior se saunou \">\r\n        <\/a>\r\n\r\n        <div class=\"pase-body\">\r\n                            <div class=\"pase-price-badge\">\r\n                    <span class=\"pfx\">z<\/span>\r\n                    <span class=\"amt\">1 200PLN<\/span>\r\n                    <span class=\"sfx\">\/ noc<\/span>\r\n                <\/div>\r\n            \r\n            <h3 class=\"pase-title\">\r\n                <a class=\"pase-title-link\" href=\"https:\/\/inthesky.apartments\/cs\/superior-aps-se-saunou\/\">Apartm\u00e1n Superior se saunou <\/a>\r\n            <\/h3>\r\n\r\n            <!-- ukryte, zostawione na przysz\u0142o\u015b\u0107 -->\r\n            <div class=\"pase-subtitle\"><\/div>\r\n            <div class=\"pase-facilities\"><\/div>\r\n            <div class=\"pase-desc\"><\/div>\r\n        <\/div>\r\n\r\n        <div class=\"pase-footer\">\r\n            <a class=\"pase-btn\" href=\"https:\/\/inthesky.apartments\/cs\/superior-aps-se-saunou\/\">Zobrazit detaily<\/a>\r\n        <\/div>\r\n    <\/article>\r\n        <article class=\"pase-card\">\r\n        <a class=\"pase-thumb-link\" href=\"https:\/\/inthesky.apartments\/cs\/pronajem-bytu-ve-vezi-sky-tower-ve-wroclawi\/apartament-typu-luxury-suite-z-sauna\/\">\r\n            <img decoding=\"async\" class=\"pase-thumb\" src=\"https:\/\/files.previo.cz\/782897\/www\/img\/photos\/20250121163108_po2eKa.jpg\" alt=\"Luxusn\u00ed apartm\u00e1 s vlastn\u00ed saunou \">\r\n        <\/a>\r\n\r\n        <div class=\"pase-body\">\r\n                            <div class=\"pase-price-badge\">\r\n                    <span class=\"pfx\">z<\/span>\r\n                    <span class=\"amt\">1 150PLN<\/span>\r\n                    <span class=\"sfx\">\/ noc<\/span>\r\n                <\/div>\r\n            \r\n            <h3 class=\"pase-title\">\r\n                <a class=\"pase-title-link\" href=\"https:\/\/inthesky.apartments\/cs\/pronajem-bytu-ve-vezi-sky-tower-ve-wroclawi\/apartament-typu-luxury-suite-z-sauna\/\">Luxusn\u00ed apartm\u00e1 s vlastn\u00ed saunou <\/a>\r\n            <\/h3>\r\n\r\n            <!-- ukryte, zostawione na przysz\u0142o\u015b\u0107 -->\r\n            <div class=\"pase-subtitle\"><\/div>\r\n            <div class=\"pase-facilities\"><\/div>\r\n            <div class=\"pase-desc\"><\/div>\r\n        <\/div>\r\n\r\n        <div class=\"pase-footer\">\r\n            <a class=\"pase-btn\" href=\"https:\/\/inthesky.apartments\/cs\/pronajem-bytu-ve-vezi-sky-tower-ve-wroclawi\/apartament-typu-luxury-suite-z-sauna\/\">Zobrazit detaily<\/a>\r\n        <\/div>\r\n    <\/article>\r\n        <article class=\"pase-card\">\r\n        <a class=\"pase-thumb-link\" href=\"https:\/\/inthesky.apartments\/cs\/pronajem-bytu-ve-vezi-sky-tower-ve-wroclawi\/podkrovni-apartma-inthesky\/\">\r\n            <img decoding=\"async\" class=\"pase-thumb\" src=\"https:\/\/files.previo.cz\/782897\/www\/img\/photos\/20250121195108_BpGHdp.jpg\" alt=\"Apartm\u00e1n typu Penthouse \">\r\n        <\/a>\r\n\r\n        <div class=\"pase-body\">\r\n                            <div class=\"pase-price-badge\">\r\n                    <span class=\"pfx\">z<\/span>\r\n                    <span class=\"amt\">1 560PLN<\/span>\r\n                    <span class=\"sfx\">\/ noc<\/span>\r\n                <\/div>\r\n            \r\n            <h3 class=\"pase-title\">\r\n                <a class=\"pase-title-link\" href=\"https:\/\/inthesky.apartments\/cs\/pronajem-bytu-ve-vezi-sky-tower-ve-wroclawi\/podkrovni-apartma-inthesky\/\">Apartm\u00e1n typu Penthouse <\/a>\r\n            <\/h3>\r\n\r\n            <!-- ukryte, zostawione na przysz\u0142o\u015b\u0107 -->\r\n            <div class=\"pase-subtitle\"><\/div>\r\n            <div class=\"pase-facilities\"><\/div>\r\n            <div class=\"pase-desc\"><\/div>\r\n        <\/div>\r\n\r\n        <div class=\"pase-footer\">\r\n            <a class=\"pase-btn\" href=\"https:\/\/inthesky.apartments\/cs\/pronajem-bytu-ve-vezi-sky-tower-ve-wroclawi\/podkrovni-apartma-inthesky\/\">Zobrazit detaily<\/a>\r\n        <\/div>\r\n    <\/article>\r\n        <article class=\"pase-card\">\r\n        <a class=\"pase-thumb-link\" href=\"https:\/\/inthesky.apartments\/cs\/apartament-typu-deluxe-suite\/\">\r\n            <img decoding=\"async\" class=\"pase-thumb\" src=\"https:\/\/files.previo.cz\/782897\/www\/img\/photos\/20250719101702_fCFW6t.jpg\" alt=\"Apartm\u00e1n typu Deluxe Suite \">\r\n        <\/a>\r\n\r\n        <div class=\"pase-body\">\r\n                            <div class=\"pase-price-badge\">\r\n                    <span class=\"pfx\">z<\/span>\r\n                    <span class=\"amt\">1 560PLN<\/span>\r\n                    <span class=\"sfx\">\/ noc<\/span>\r\n                <\/div>\r\n            \r\n            <h3 class=\"pase-title\">\r\n                <a class=\"pase-title-link\" href=\"https:\/\/inthesky.apartments\/cs\/apartament-typu-deluxe-suite\/\">Apartm\u00e1n typu Deluxe Suite <\/a>\r\n            <\/h3>\r\n\r\n            <!-- ukryte, zostawione na przysz\u0142o\u015b\u0107 -->\r\n            <div class=\"pase-subtitle\"><\/div>\r\n            <div class=\"pase-facilities\"><\/div>\r\n            <div class=\"pase-desc\"><\/div>\r\n        <\/div>\r\n\r\n        <div class=\"pase-footer\">\r\n            <a class=\"pase-btn\" href=\"https:\/\/inthesky.apartments\/cs\/apartament-typu-deluxe-suite\/\">Zobrazit detaily<\/a>\r\n        <\/div>\r\n    <\/article>\r\n        <article class=\"pase-card\">\r\n        <a class=\"pase-thumb-link\" href=\"https:\/\/inthesky.apartments\/cs\/pronajem-bytu-ve-vezi-sky-tower-ve-wroclawi\/apartament-typu-luxury-suite-inthesky\/\">\r\n            <img decoding=\"async\" class=\"pase-thumb\" src=\"https:\/\/files.previo.cz\/782897\/www\/img\/photos\/20250430155602_EljWE9.jpg\" alt=\"Luxusn\u00ed apartm\u00e1 \">\r\n        <\/a>\r\n\r\n        <div class=\"pase-body\">\r\n                            <div class=\"pase-price-badge\">\r\n                    <span class=\"pfx\">z<\/span>\r\n                    <span class=\"amt\">1 200PLN<\/span>\r\n                    <span class=\"sfx\">\/ noc<\/span>\r\n                <\/div>\r\n            \r\n            <h3 class=\"pase-title\">\r\n                <a class=\"pase-title-link\" href=\"https:\/\/inthesky.apartments\/cs\/pronajem-bytu-ve-vezi-sky-tower-ve-wroclawi\/apartament-typu-luxury-suite-inthesky\/\">Luxusn\u00ed apartm\u00e1 <\/a>\r\n            <\/h3>\r\n\r\n            <!-- ukryte, zostawione na przysz\u0142o\u015b\u0107 -->\r\n            <div class=\"pase-subtitle\"><\/div>\r\n            <div class=\"pase-facilities\"><\/div>\r\n            <div class=\"pase-desc\"><\/div>\r\n        <\/div>\r\n\r\n        <div class=\"pase-footer\">\r\n            <a class=\"pase-btn\" href=\"https:\/\/inthesky.apartments\/cs\/pronajem-bytu-ve-vezi-sky-tower-ve-wroclawi\/apartament-typu-luxury-suite-inthesky\/\">Zobrazit detaily<\/a>\r\n        <\/div>\r\n    <\/article>\r\n        <article class=\"pase-card\">\r\n        <a class=\"pase-thumb-link\" href=\"https:\/\/inthesky.apartments\/cs\/aps-typu-superior-suite\/\">\r\n            <img decoding=\"async\" class=\"pase-thumb\" src=\"https:\/\/files.previo.cz\/782897\/www\/img\/photos\/20250904161044_5cGHuO.jpg\" alt=\"Apartm\u00e1n typu Superior Suite \">\r\n        <\/a>\r\n\r\n        <div class=\"pase-body\">\r\n                            <div class=\"pase-price-badge\">\r\n                    <span class=\"pfx\">z<\/span>\r\n                    <span class=\"amt\">1 560PLN<\/span>\r\n                    <span class=\"sfx\">\/ noc<\/span>\r\n                <\/div>\r\n            \r\n            <h3 class=\"pase-title\">\r\n                <a class=\"pase-title-link\" href=\"https:\/\/inthesky.apartments\/cs\/aps-typu-superior-suite\/\">Apartm\u00e1n typu Superior Suite <\/a>\r\n            <\/h3>\r\n\r\n            <!-- ukryte, zostawione na przysz\u0142o\u015b\u0107 -->\r\n            <div class=\"pase-subtitle\"><\/div>\r\n            <div class=\"pase-facilities\"><\/div>\r\n            <div class=\"pase-desc\"><\/div>\r\n        <\/div>\r\n\r\n        <div class=\"pase-footer\">\r\n            <a class=\"pase-btn\" href=\"https:\/\/inthesky.apartments\/cs\/aps-typu-superior-suite\/\">Zobrazit detaily<\/a>\r\n        <\/div>\r\n    <\/article>\r\n        <article class=\"pase-card\">\r\n        <a class=\"pase-thumb-link\" href=\"https:\/\/inthesky.apartments\/cs\/pronajem-bytu-ve-vezi-sky-tower-ve-wroclawi\/vykonne-apartma-inthesky\/\">\r\n            <img decoding=\"async\" class=\"pase-thumb\" src=\"https:\/\/files.previo.cz\/782897\/www\/img\/photos\/20250121192840_TJLtBV.jpg\" alt=\"Apartm\u00e1n typu Executive Suite \">\r\n        <\/a>\r\n\r\n        <div class=\"pase-body\">\r\n                            <div class=\"pase-price-badge\">\r\n                    <span class=\"pfx\">z<\/span>\r\n                    <span class=\"amt\">1 020PLN<\/span>\r\n                    <span class=\"sfx\">\/ noc<\/span>\r\n                <\/div>\r\n            \r\n            <h3 class=\"pase-title\">\r\n                <a class=\"pase-title-link\" href=\"https:\/\/inthesky.apartments\/cs\/pronajem-bytu-ve-vezi-sky-tower-ve-wroclawi\/vykonne-apartma-inthesky\/\">Apartm\u00e1n typu Executive Suite <\/a>\r\n            <\/h3>\r\n\r\n            <!-- ukryte, zostawione na przysz\u0142o\u015b\u0107 -->\r\n            <div class=\"pase-subtitle\"><\/div>\r\n            <div class=\"pase-facilities\"><\/div>\r\n            <div class=\"pase-desc\"><\/div>\r\n        <\/div>\r\n\r\n        <div class=\"pase-footer\">\r\n            <a class=\"pase-btn\" href=\"https:\/\/inthesky.apartments\/cs\/pronajem-bytu-ve-vezi-sky-tower-ve-wroclawi\/vykonne-apartma-inthesky\/\">Zobrazit detaily<\/a>\r\n        <\/div>\r\n    <\/article>\r\n        <article class=\"pase-card\">\r\n        <a class=\"pase-thumb-link\" href=\"https:\/\/inthesky.apartments\/cs\/pronajem-bytu-ve-vezi-sky-tower-ve-wroclawi\/apartma-s-manzelskou-posteli-velikosti-king-size-inthesky\/\">\r\n            <img decoding=\"async\" class=\"pase-thumb\" src=\"https:\/\/files.previo.cz\/782897\/www\/img\/photos\/20250121195644_S8j2iJ.jpg\" alt=\"Apartm\u00e1n typu Suite s postel\u00ed velikosti King.\">\r\n        <\/a>\r\n\r\n        <div class=\"pase-body\">\r\n                            <div class=\"pase-price-badge\">\r\n                    <span class=\"pfx\">z<\/span>\r\n                    <span class=\"amt\">1 130PLN<\/span>\r\n                    <span class=\"sfx\">\/ noc<\/span>\r\n                <\/div>\r\n            \r\n            <h3 class=\"pase-title\">\r\n                <a class=\"pase-title-link\" href=\"https:\/\/inthesky.apartments\/cs\/pronajem-bytu-ve-vezi-sky-tower-ve-wroclawi\/apartma-s-manzelskou-posteli-velikosti-king-size-inthesky\/\">Apartm\u00e1n typu Suite s postel\u00ed velikosti King.<\/a>\r\n            <\/h3>\r\n\r\n            <!-- ukryte, zostawione na przysz\u0142o\u015b\u0107 -->\r\n            <div class=\"pase-subtitle\"><\/div>\r\n            <div class=\"pase-facilities\"><\/div>\r\n            <div class=\"pase-desc\"><\/div>\r\n        <\/div>\r\n\r\n        <div class=\"pase-footer\">\r\n            <a class=\"pase-btn\" href=\"https:\/\/inthesky.apartments\/cs\/pronajem-bytu-ve-vezi-sky-tower-ve-wroclawi\/apartma-s-manzelskou-posteli-velikosti-king-size-inthesky\/\">Zobrazit detaily<\/a>\r\n        <\/div>\r\n    <\/article>\r\n        <article class=\"pase-card\">\r\n        <a class=\"pase-thumb-link\" href=\"https:\/\/inthesky.apartments\/cs\/pronajem-bytu-ve-vezi-sky-tower-ve-wroclawi\/studio-s-manzelskou-posteli-velikosti-king-size-inthesky\/\">\r\n            <img decoding=\"async\" class=\"pase-thumb\" src=\"https:\/\/files.previo.cz\/782897\/www\/img\/photos\/20250121193926_7n0kSi.jpg\" alt=\"Studio s man\u017eelskou postel\u00ed king-size \">\r\n        <\/a>\r\n\r\n        <div class=\"pase-body\">\r\n                            <div class=\"pase-price-badge\">\r\n                    <span class=\"pfx\">z<\/span>\r\n                    <span class=\"amt\">840PLN<\/span>\r\n                    <span class=\"sfx\">\/ noc<\/span>\r\n                <\/div>\r\n            \r\n            <h3 class=\"pase-title\">\r\n                <a class=\"pase-title-link\" href=\"https:\/\/inthesky.apartments\/cs\/pronajem-bytu-ve-vezi-sky-tower-ve-wroclawi\/studio-s-manzelskou-posteli-velikosti-king-size-inthesky\/\">Studio s man\u017eelskou postel\u00ed king-size <\/a>\r\n            <\/h3>\r\n\r\n            <!-- ukryte, zostawione na przysz\u0142o\u015b\u0107 -->\r\n            <div class=\"pase-subtitle\"><\/div>\r\n            <div class=\"pase-facilities\"><\/div>\r\n            <div class=\"pase-desc\"><\/div>\r\n        <\/div>\r\n\r\n        <div class=\"pase-footer\">\r\n            <a class=\"pase-btn\" href=\"https:\/\/inthesky.apartments\/cs\/pronajem-bytu-ve-vezi-sky-tower-ve-wroclawi\/studio-s-manzelskou-posteli-velikosti-king-size-inthesky\/\">Zobrazit detaily<\/a>\r\n        <\/div>\r\n    <\/article>\r\n        <article class=\"pase-card\">\r\n        <a class=\"pase-thumb-link\" href=\"https:\/\/inthesky.apartments\/cs\/pronajem-bytu-ve-vezi-sky-tower-ve-wroclawi\/klasicke-apartma\/\">\r\n            <img decoding=\"async\" class=\"pase-thumb\" src=\"https:\/\/files.previo.cz\/782897\/www\/img\/photos\/20250127145816_kNc1uF.jpg\" alt=\"Apartm\u00e1n typu Classic \">\r\n        <\/a>\r\n\r\n        <div class=\"pase-body\">\r\n                            <div class=\"pase-price-badge\">\r\n                    <span class=\"pfx\">z<\/span>\r\n                    <span class=\"amt\">860PLN<\/span>\r\n                    <span class=\"sfx\">\/ noc<\/span>\r\n                <\/div>\r\n            \r\n            <h3 class=\"pase-title\">\r\n                <a class=\"pase-title-link\" href=\"https:\/\/inthesky.apartments\/cs\/pronajem-bytu-ve-vezi-sky-tower-ve-wroclawi\/klasicke-apartma\/\">Apartm\u00e1n typu Classic <\/a>\r\n            <\/h3>\r\n\r\n            <!-- ukryte, zostawione na przysz\u0142o\u015b\u0107 -->\r\n            <div class=\"pase-subtitle\"><\/div>\r\n            <div class=\"pase-facilities\"><\/div>\r\n            <div class=\"pase-desc\"><\/div>\r\n        <\/div>\r\n\r\n        <div class=\"pase-footer\">\r\n            <a class=\"pase-btn\" href=\"https:\/\/inthesky.apartments\/cs\/pronajem-bytu-ve-vezi-sky-tower-ve-wroclawi\/klasicke-apartma\/\">Zobrazit detaily<\/a>\r\n        <\/div>\r\n    <\/article>\r\n        <article class=\"pase-card\">\r\n        <a class=\"pase-thumb-link\" href=\"https:\/\/inthesky.apartments\/cs\/aps-typ-klasicke-vany\/\">\r\n            <img decoding=\"async\" class=\"pase-thumb\" src=\"https:\/\/files.previo.cz\/782897\/www\/img\/photos\/20250901123515_7csHHK.jpg\" alt=\"Apartm\u00e1n typu Classic s jednou lo\u017enic\u00ed \">\r\n        <\/a>\r\n\r\n        <div class=\"pase-body\">\r\n                            <div class=\"pase-price-badge\">\r\n                    <span class=\"pfx\">z<\/span>\r\n                    <span class=\"amt\">860PLN<\/span>\r\n                    <span class=\"sfx\">\/ noc<\/span>\r\n                <\/div>\r\n            \r\n            <h3 class=\"pase-title\">\r\n                <a class=\"pase-title-link\" href=\"https:\/\/inthesky.apartments\/cs\/aps-typ-klasicke-vany\/\">Apartm\u00e1n typu Classic s jednou lo\u017enic\u00ed <\/a>\r\n            <\/h3>\r\n\r\n            <!-- ukryte, zostawione na przysz\u0142o\u015b\u0107 -->\r\n            <div class=\"pase-subtitle\"><\/div>\r\n            <div class=\"pase-facilities\"><\/div>\r\n            <div class=\"pase-desc\"><\/div>\r\n        <\/div>\r\n\r\n        <div class=\"pase-footer\">\r\n            <a class=\"pase-btn\" href=\"https:\/\/inthesky.apartments\/cs\/aps-typ-klasicke-vany\/\">Zobrazit detaily<\/a>\r\n        <\/div>\r\n    <\/article>\r\n<\/div>\r\n<\/div>\n      <\/div>\n    <\/section>\n    <section class=\"u-clearfix u-section-8\" id=\"sec-1a7b\">\n      <div class=\"u-clearfix u-sheet u-valign-middle u-sheet-1\">\n        <h2 class=\"u-text u-text-default u-text-1\" data-animation-name=\"customAnimationIn\" data-animation-duration=\"1000\" data-animation-delay=\"0\" data-animation-out=\"0\">Co n\u00e1s odli\u0161uje?<\/h2>\n      <\/div>\n    <\/section>\n    <section class=\"u-clearfix u-section-9\" id=\"sec-601f\">\n      <div class=\"u-clearfix u-sheet u-sheet-1\">\n        <div class=\"u-expanded-width u-list u-list-1\">\n          <div class=\"u-repeater u-repeater-1\">\n            <div class=\"u-align-center u-container-align-center u-container-style u-list-item u-repeater-item u-shape-rectangle u-list-item-1\" data-animation-name=\"customAnimationIn\" data-animation-duration=\"1000\" data-animation-delay=\"0\" data-animation-out=\"0\">\n              <div class=\"u-container-layout u-similar-container u-container-layout-1\">\n                <span class=\"u-border-2 u-border-grey-40 u-file-icon u-icon u-icon-circle u-text-palette-3-base u-icon-1\">\n                  <img decoding=\"async\" src=\"https:\/\/inthesky.apartments\/wp-content\/uploads\/2025\/01\/60fc1709-5.png\" alt=\"\">\n                <\/span>\n                <p class=\"u-align-center u-custom-font u-text u-text-black u-text-1\"> \u00da\u017easn\u00e9<br> zobrazit&nbsp; \n                <\/p>\n              <\/div>\n            <\/div>\n            <div class=\"u-align-center u-container-align-center u-container-style u-list-item u-repeater-item u-shape-rectangle u-list-item-2\" data-animation-name=\"customAnimationIn\" data-animation-duration=\"1000\" data-animation-delay=\"0\" data-animation-out=\"0\">\n              <div class=\"u-container-layout u-similar-container u-container-layout-2\">\n                <span class=\"u-border-2 u-border-grey-40 u-file-icon u-icon u-icon-circle u-text-palette-3-base u-icon-2\">\n                  <img decoding=\"async\" src=\"https:\/\/inthesky.apartments\/wp-content\/uploads\/2025\/01\/adeb7870-5.png\" alt=\"\">\n                <\/span>\n                <p class=\"u-align-center u-custom-font u-text u-text-black u-text-2\"> Vysok\u00fd standard povrchov\u00e9 \u00fapravy <\/p>\n              <\/div>\n            <\/div>\n            <div class=\"u-align-center u-container-align-center u-container-style u-list-item u-repeater-item u-shape-rectangle u-list-item-3\" data-animation-name=\"customAnimationIn\" data-animation-duration=\"1000\" data-animation-delay=\"0\" data-animation-out=\"0\">\n              <div class=\"u-container-layout u-similar-container u-container-layout-3\">\n                <span class=\"u-border-2 u-border-grey-40 u-file-icon u-icon u-icon-circle u-text-palette-3-base u-icon-3\">\n                  <img decoding=\"async\" src=\"https:\/\/inthesky.apartments\/wp-content\/uploads\/2025\/01\/cf630982-5.png\" alt=\"\">\n                <\/span>\n                <p class=\"u-align-center u-custom-font u-text u-text-black u-text-3\">Rozs\u00e1hl\u00e9 vybaven\u00ed<\/p>\n              <\/div>\n            <\/div>\n            <div class=\"u-align-center u-container-align-center u-container-style u-list-item u-repeater-item u-shape-rectangle u-list-item-4\" data-animation-name=\"customAnimationIn\" data-animation-duration=\"1000\" data-animation-delay=\"0\" data-animation-out=\"0\">\n              <div class=\"u-container-layout u-similar-container u-container-layout-4\">\n                <span class=\"u-border-2 u-border-grey-40 u-file-icon u-icon u-icon-circle u-text-palette-3-base u-icon-4\">\n                  <img decoding=\"async\" src=\"https:\/\/inthesky.apartments\/wp-content\/uploads\/2025\/01\/ca8e307c-5.png\" alt=\"\">\n                <\/span>\n                <p class=\"u-align-center u-custom-font u-text u-text-black u-text-4\"> Nejv\u00fd\u0161e polo\u017een\u00e9 byty v Polsku <\/p>\n              <\/div>\n            <\/div>\n          <\/div>\n        <\/div>\n      <\/div>\n    <\/section>\n    <section class=\"u-clearfix u-section-10\" id=\"sec-a2f2\">\n      <div class=\"u-clearfix u-sheet u-sheet-1\">\n        <div class=\"u-absolute-hcenter u-border-1 u-border-custom-color-1 u-expanded-height u-line u-line-vertical u-line-1\"><\/div>\n      <\/div>\n    <\/section>\n    <section class=\"u-clearfix u-section-11\" id=\"sec-671d\">\n      <div class=\"u-clearfix u-sheet u-valign-middle-xl u-sheet-1\">\n        <h3 class=\"u-align-center u-text u-text-default u-text-palette-3-base u-text-1\" data-animation-name=\"customAnimationIn\" data-animation-duration=\"1000\" data-animation-delay=\"0\" data-animation-out=\"0\"> \"Nebe k pron\u00e1jmu\" <\/h3>\n        <p class=\"u-align-center u-text u-text-2\" data-animation-name=\"customAnimationIn\" data-animation-duration=\"1000\" data-animation-delay=\"0\" data-animation-out=\"0\"> Takovou nab\u00eddku nenajdete v\n v \u017e\u00e1dn\u00e9m hotelu. A\u0165 u\u017e pl\u00e1nujete romantick\u00fd v\u00edkend se sv\u00fdm p\u0159\u00edtelem, nebo se sv\u00fdm p\u0159\u00edtelem.\ndruhou polovi\u010dkou nebo rodinnou dovolenou, kter\u00e1 nem\u00e1 obdoby, m\u00e1me pro v\u00e1s v\u0161e.\nco pot\u0159ebujete: - ubytov\u00e1n\u00ed v hotelu s v\u00fdhledem na mo\u0159e. Vyberte si ide\u00e1ln\u00ed byt pro v\u00e1s v\nVyberte si ide\u00e1ln\u00ed byt pro v\u00e1s ve Vratislavi a pod\u00edvejte se na mo\u017enosti jeho pron\u00e1jmu v \u010dase, kter\u00fd v\u00e1m vyhovuje - pohodln\u011b prost\u0159ednictv\u00edm na\u0161ich webov\u00fdch str\u00e1nek.\nM\u016f\u017eete to ud\u011blat pohodln\u011b prost\u0159ednictv\u00edm na\u0161ich webov\u00fdch str\u00e1nek, kde si m\u016f\u017eete stejn\u011b pohodln\u011b\nkter\u00fd si m\u016f\u017eete stejn\u011b pohodln\u011b rezervovat. Mo\u017enosti jsou\nmnoho. Byty se nach\u00e1zej\u00ed v r\u016fzn\u00fdch patrech a li\u0161\u00ed se vybaven\u00edm.\nCo se t\u00fd\u010de vybaven\u00ed. V n\u011bkter\u00fdch najdete voln\u011b stoj\u00edc\u00ed vanu.\nvoln\u011b stoj\u00edc\u00ed vanu, v jin\u00e9m v\u00ed\u0159ivku, v dal\u0161\u00edm saunu. V ka\u017ed\u00e9 je k dispozici\njedine\u010dn\u00fd charakter. V\u0161echny byly navr\u017eeny tak, aby poskytovaly\nmaxim\u00e1ln\u00ed pohodl\u00ed na\u0161ich host\u016f a zajistit jim nezapomenuteln\u00fd pobyt ve v\u00fdjime\u010dn\u00e9m prost\u0159ed\u00ed.\nna map\u011b nejen Vratislavi, ale i Polska a dokonce i Evropy.\nP\u0159esv\u011bd\u010dte se sami.<\/p>\n      <\/div>\n    <\/section>\n    <section class=\"u-clearfix u-section-12\" id=\"sec-635a\">\n      <div class=\"u-clearfix u-sheet u-sheet-1\">\n        <h3 class=\"u-align-center u-text u-text-black u-text-default u-text-1\" data-animation-name=\"customAnimationIn\" data-animation-duration=\"1000\" data-animation-delay=\"0\" data-animation-out=\"0\">Sch\u016fzky na \u00farovni<\/h3>\n        <p class=\"u-align-center u-text u-text-2\" data-animation-name=\"customAnimationIn\" data-animation-duration=\"1000\" data-animation-delay=\"0\" data-animation-out=\"0\"> Pron\u00e1jem byt\u016f Vratislav\n ve Sky Tower jako m\u00edsto pro va\u0161e obchodn\u00ed sch\u016fzky v neobvykl\u00e9m prost\u0159ed\u00ed\nstylu. Pom\u016f\u017eeme v\u00e1m uspo\u0159\u00e1dat profesion\u00e1ln\u00ed akci na m\u00edru.\nva\u0161im pot\u0159eb\u00e1m. Vynikaj\u00edc\u00ed poloha a bl\u00edzkost centra Vratislavi a\nSky Tower a jeho rozs\u00e1hl\u00e1 infrastruktura jsou p\u0159ednosti, kter\u00e9 oce\u0148uj\u00ed na\u0161i\nhost\u00e9. V na\u0161ich interi\u00e9rech tak\u00e9 \u00fasp\u011b\u0161n\u011b organizujeme fotografov\u00e1n\u00ed a nat\u00e1\u010den\u00ed film\u016f.\nfocen\u00ed a nat\u00e1\u010den\u00ed film\u016f. Chcete vyu\u017e\u00edt na\u0161e prostory pro\nhudebn\u00ed videoklip nebo v n\u011bm uspo\u0159\u00e1dat rozhovor? <a href=\"https:\/\/inthesky.apartments\/cs\/kontakt\/\" class=\"u-active-none u-border-none u-btn u-button-link u-button-style u-hover-none u-none u-text-black u-btn-1\">Kontaktujte n\u00e1s.<\/a>\n        <\/p>\n      <\/div>\n    <\/section>\n    <section class=\"u-clearfix u-section-13\" id=\"sec-a964\">\n      <div class=\"u-clearfix u-sheet u-sheet-1\">\n        <div class=\"u-absolute-hcenter u-border-1 u-border-custom-color-1 u-expanded-height u-line u-line-vertical u-line-1\"><\/div>\n      <\/div>\n    <\/section>","protected":false},"excerpt":{"rendered":"<p>Apartamenty Sky Tower na wynajem we Wroc\u0142awiu Luksusowe apartamenty w chmurach BUJAJ\u0104C W OB\u0141OKACH Daj si\u0119 oczarowa\u0107 jednemu z najpi\u0119kniejszych widok\u00f3w w Polsce.&nbsp; Apartamenty w Sky Tower to nie tylko wynajem luksusowych wn\u0119trz z zapieraj\u0105cym dech w piersiach widokiem na stolic\u0119 Dolnego \u015al\u0105ska b\u0119d\u0105c\u0105 jednym z najpi\u0119kniejszych miast w naszym kraju &#8211; to przede wszystkim &hellip; <a href=\"https:\/\/inthesky.apartments\/cs\/pronajem-bytu-ve-vezi-sky-tower-ve-wroclawi\" class=\"more-link\">Continue reading<span class=\"screen-reader-text\"> &#8222;apartamenty&#8221;<\/span><\/a><\/p>","protected":false},"author":1,"featured_media":0,"parent":0,"menu_order":18,"comment_status":"closed","ping_status":"closed","template":"","meta":{"footnotes":""},"class_list":["post-1357","page","type-page","status-publish","hentry"],"yoast_head":"<!-- This site is optimized with the Yoast SEO plugin v24.3 - https:\/\/yoast.com\/wordpress\/plugins\/seo\/ -->\n<title>Apartamenty Sky Tower na wynajem we Wroc\u0142awiu<\/title>\n<meta name=\"description\" content=\"Poznaj nasz szeroki wyb\u00f3r apartament\u00f3w na wynajem we Wroc\u0142awiu. Zarezerwuj sw\u00f3j pobyt kr\u00f3tko i d\u0142ugoterminowy i ciesz si\u0119 niesamowitym widokiem na Wroc\u0142aw.\" \/>\n<meta name=\"robots\" content=\"index, follow, max-snippet:-1, max-image-preview:large, max-video-preview:-1\" \/>\n<link rel=\"canonical\" href=\"https:\/\/inthesky.apartments\/cs\/pronajem-bytu-ve-vezi-sky-tower-ve-wroclawi\" \/>\n<meta property=\"og:locale\" content=\"cs_CZ\" \/>\n<meta property=\"og:type\" content=\"article\" \/>\n<meta property=\"og:title\" content=\"Apartamenty Sky Tower na wynajem we Wroc\u0142awiu\" \/>\n<meta property=\"og:description\" content=\"Poznaj nasz szeroki wyb\u00f3r apartament\u00f3w na wynajem we Wroc\u0142awiu. Zarezerwuj sw\u00f3j pobyt kr\u00f3tko i d\u0142ugoterminowy i ciesz si\u0119 niesamowitym widokiem na Wroc\u0142aw.\" \/>\n<meta property=\"og:url\" content=\"https:\/\/inthesky.apartments\/cs\/pronajem-bytu-ve-vezi-sky-tower-ve-wroclawi\" \/>\n<meta property=\"og:site_name\" content=\"InTheSky Apartments\" \/>\n<meta property=\"article:modified_time\" content=\"2025-10-14T10:13:24+00:00\" \/>\n<meta name=\"twitter:card\" content=\"summary_large_image\" \/>\n<meta name=\"twitter:label1\" content=\"Odhadovan\u00e1 doba \u010dten\u00ed\" \/>\n\t<meta name=\"twitter:data1\" content=\"6 minut\" \/>\n<script type=\"application\/ld+json\" class=\"yoast-schema-graph\">{\"@context\":\"https:\/\/schema.org\",\"@graph\":[{\"@type\":\"WebPage\",\"@id\":\"https:\/\/inthesky.apartments\/apartamenty-sky-tower-na-wynajem-we-wroclawiu\",\"url\":\"https:\/\/inthesky.apartments\/apartamenty-sky-tower-na-wynajem-we-wroclawiu\",\"name\":\"Apartamenty Sky Tower na wynajem we Wroc\u0142awiu\",\"isPartOf\":{\"@id\":\"https:\/\/inthesky.apartments\/#website\"},\"datePublished\":\"2025-01-27T20:18:33+00:00\",\"dateModified\":\"2025-10-14T10:13:24+00:00\",\"description\":\"Poznaj nasz szeroki wyb\u00f3r apartament\u00f3w na wynajem we Wroc\u0142awiu. Zarezerwuj sw\u00f3j pobyt kr\u00f3tko i d\u0142ugoterminowy i ciesz si\u0119 niesamowitym widokiem na Wroc\u0142aw.\",\"breadcrumb\":{\"@id\":\"https:\/\/inthesky.apartments\/apartamenty-sky-tower-na-wynajem-we-wroclawiu#breadcrumb\"},\"inLanguage\":\"cs\",\"potentialAction\":[{\"@type\":\"ReadAction\",\"target\":[\"https:\/\/inthesky.apartments\/apartamenty-sky-tower-na-wynajem-we-wroclawiu\"]}]},{\"@type\":\"BreadcrumbList\",\"@id\":\"https:\/\/inthesky.apartments\/apartamenty-sky-tower-na-wynajem-we-wroclawiu#breadcrumb\",\"itemListElement\":[{\"@type\":\"ListItem\",\"position\":1,\"name\":\"Strona g\u0142\u00f3wna\",\"item\":\"https:\/\/inthesky.apartments\/\"},{\"@type\":\"ListItem\",\"position\":2,\"name\":\"apartamenty\"}]},{\"@type\":\"WebSite\",\"@id\":\"https:\/\/inthesky.apartments\/#website\",\"url\":\"https:\/\/inthesky.apartments\/\",\"name\":\"InTheSky Apartments\",\"description\":\"\",\"potentialAction\":[{\"@type\":\"SearchAction\",\"target\":{\"@type\":\"EntryPoint\",\"urlTemplate\":\"https:\/\/inthesky.apartments\/?s={search_term_string}\"},\"query-input\":{\"@type\":\"PropertyValueSpecification\",\"valueRequired\":true,\"valueName\":\"search_term_string\"}}],\"inLanguage\":\"cs\"}]}<\/script>\n<!-- \/ Yoast SEO plugin. -->","yoast_head_json":{"title":"Pron\u00e1jem byt\u016f Sky Tower ve Vratislavi","description":"Prohl\u00e9dn\u011bte si na\u0161i \u0161irokou nab\u00eddku byt\u016f k pron\u00e1jmu ve Vratislavi. Rezervujte si kr\u00e1tkodob\u00fd nebo dlouhodob\u00fd pobyt a u\u017eijte si \u00fa\u017easn\u00fd v\u00fdhled na Vratislav.","robots":{"index":"index","follow":"follow","max-snippet":"max-snippet:-1","max-image-preview":"max-image-preview:large","max-video-preview":"max-video-preview:-1"},"canonical":"https:\/\/inthesky.apartments\/cs\/pronajem-bytu-ve-vezi-sky-tower-ve-wroclawi","og_locale":"cs_CZ","og_type":"article","og_title":"Apartamenty Sky Tower na wynajem we Wroc\u0142awiu","og_description":"Poznaj nasz szeroki wyb\u00f3r apartament\u00f3w na wynajem we Wroc\u0142awiu. Zarezerwuj sw\u00f3j pobyt kr\u00f3tko i d\u0142ugoterminowy i ciesz si\u0119 niesamowitym widokiem na Wroc\u0142aw.","og_url":"https:\/\/inthesky.apartments\/cs\/pronajem-bytu-ve-vezi-sky-tower-ve-wroclawi","og_site_name":"InTheSky Apartments","article_modified_time":"2025-10-14T10:13:24+00:00","twitter_card":"summary_large_image","twitter_misc":{"Odhadovan\u00e1 doba \u010dten\u00ed":"6 minut"},"schema":{"@context":"https:\/\/schema.org","@graph":[{"@type":"WebPage","@id":"https:\/\/inthesky.apartments\/apartamenty-sky-tower-na-wynajem-we-wroclawiu","url":"https:\/\/inthesky.apartments\/apartamenty-sky-tower-na-wynajem-we-wroclawiu","name":"Pron\u00e1jem byt\u016f Sky Tower ve Vratislavi","isPartOf":{"@id":"https:\/\/inthesky.apartments\/#website"},"datePublished":"2025-01-27T20:18:33+00:00","dateModified":"2025-10-14T10:13:24+00:00","description":"Prohl\u00e9dn\u011bte si na\u0161i \u0161irokou nab\u00eddku byt\u016f k pron\u00e1jmu ve Vratislavi. Rezervujte si kr\u00e1tkodob\u00fd nebo dlouhodob\u00fd pobyt a u\u017eijte si \u00fa\u017easn\u00fd v\u00fdhled na Vratislav.","breadcrumb":{"@id":"https:\/\/inthesky.apartments\/apartamenty-sky-tower-na-wynajem-we-wroclawiu#breadcrumb"},"inLanguage":"cs","potentialAction":[{"@type":"ReadAction","target":["https:\/\/inthesky.apartments\/apartamenty-sky-tower-na-wynajem-we-wroclawiu"]}]},{"@type":"BreadcrumbList","@id":"https:\/\/inthesky.apartments\/apartamenty-sky-tower-na-wynajem-we-wroclawiu#breadcrumb","itemListElement":[{"@type":"ListItem","position":1,"name":"Strona g\u0142\u00f3wna","item":"https:\/\/inthesky.apartments\/"},{"@type":"ListItem","position":2,"name":"apartamenty"}]},{"@type":"WebSite","@id":"https:\/\/inthesky.apartments\/#website","url":"https:\/\/inthesky.apartments\/","name":"Apartm\u00e1ny InTheSky","description":"","potentialAction":[{"@type":"SearchAction","target":{"@type":"EntryPoint","urlTemplate":"https:\/\/inthesky.apartments\/?s={search_term_string}"},"query-input":{"@type":"PropertyValueSpecification","valueRequired":true,"valueName":"search_term_string"}}],"inLanguage":"cs"}]}},"_links":{"self":[{"href":"https:\/\/inthesky.apartments\/cs\/wp-json\/wp\/v2\/pages\/1357","targetHints":{"allow":["GET"]}}],"collection":[{"href":"https:\/\/inthesky.apartments\/cs\/wp-json\/wp\/v2\/pages"}],"about":[{"href":"https:\/\/inthesky.apartments\/cs\/wp-json\/wp\/v2\/types\/page"}],"author":[{"embeddable":true,"href":"https:\/\/inthesky.apartments\/cs\/wp-json\/wp\/v2\/users\/1"}],"replies":[{"embeddable":true,"href":"https:\/\/inthesky.apartments\/cs\/wp-json\/wp\/v2\/comments?post=1357"}],"version-history":[{"count":16,"href":"https:\/\/inthesky.apartments\/cs\/wp-json\/wp\/v2\/pages\/1357\/revisions"}],"predecessor-version":[{"id":2026,"href":"https:\/\/inthesky.apartments\/cs\/wp-json\/wp\/v2\/pages\/1357\/revisions\/2026"}],"wp:attachment":[{"href":"https:\/\/inthesky.apartments\/cs\/wp-json\/wp\/v2\/media?parent=1357"}],"curies":[{"name":"wp","href":"https:\/\/api.w.org\/{rel}","templated":true}]}}